{"id":142,"date":"2017-09-09T15:44:37","date_gmt":"2017-09-09T13:44:37","guid":{"rendered":"http:\/\/thomasdepryck.be\/?page_id=142"},"modified":"2017-10-10T14:55:26","modified_gmt":"2017-10-10T12:55:26","slug":"jai-creuse-un-fleuve-et-je-me-suis-jete-dedans-synopsis-credit","status":"publish","type":"page","link":"https:\/\/thomasdepryck.be\/?page_id=142","title":{"rendered":"j&rsquo;ai creus\u00e9 un fleuve et je me suis jet\u00e9 dedans &#8211; synopsis &#8211; cr\u00e9dits"},"content":{"rendered":"<p>(Texte en cours d&rsquo;\u00e9criture)<\/p>\n<p>Le point de d\u00e9part est celui-ci\u00a0: un homme, un trentenaire, ou quarantenaire, est \u00e9tendu sur une route, il d\u00e9crit ce qu\u2019il voit, l\u2019horizon, les nuages, etc. ce qu\u2019il ressent, sa douleur, son immobilit\u00e9 et son malaise.<\/p>\n<p>Ce qu\u2019il dit fait \u00e9tat d\u2019un d\u00e9sarroi, une incapacit\u00e9 \u00e0 faire face \u00e0 une s\u00e9rie d\u2019injonctions qui le contraignent. Il a eu un accident de voiture. Il est probablement mort ou en tout cas il se l\u2019imagine. Il est embarqu\u00e9 en ambulance, mais qui est aussi une barque, celle de Caron, avec qui il va faire une sorte de tour des fleuves des enfers.<\/p>\n<p>La \u00ab\u00a0voix\u00a0\u00bb de cet homme est port\u00e9e par quatre entit\u00e9s (quatre \u00ab\u00a0r\u00f4les\u00a0\u00bb) num\u00e9rot\u00e9es (de 1 \u00e0 4), d\u00e9personnalis\u00e9es qui sont tour \u00e0 tour le personnage et les \u00ab\u00a0commentateurs\u00a0\u00bb, les t\u00e9moins, entre incarnation et narration.<\/p>\n<p>Le sujet est la fatigue dans toutes ses formes contemporaines\u00a0: du \u00ab\u00a0burn out\u00a0\u00bb au \u00ab\u00a0bored out\u00a0\u00bb en passant par le \u00ab\u00a0brown out\u00a0\u00bb et par la d\u00e9pression. La forme est pourtant vive, polyphonique, rythm\u00e9e, emprunte d\u2019un humour noir, joyeusement d\u00e9sesp\u00e9r\u00e9.<\/p>\n<p>\u00ab\u00a0J\u2019ai creus\u00e9 un fleuve et je me suis jet\u00e9 dedans\u00a0\u00bb est l\u2019histoire d\u2019un suicide symbolique grandiloquent, tout autant que le parcours d\u2019un inadapt\u00e9 fondamental, comme il en existe depuis toujours.<\/p>\n<p><strong>Edition(s) :<\/strong><\/p>\n<p>Un extrait de ce texte a \u00e9t\u00e9 publi\u00e9 dans le n\u00b0223 de la revue Th\u00e9\u00e2tre \/ Public en janvier &#8211; mars 2017<\/p>\n","protected":false},"excerpt":{"rendered":"<p>(Texte en cours d&rsquo;\u00e9criture) Le point de d\u00e9part est celui-ci\u00a0: un homme, un trentenaire, ou quarantenaire, est \u00e9tendu sur une route, il d\u00e9crit ce qu\u2019il voit, l\u2019horizon, les nuages, etc. ce qu\u2019il ressent, sa douleur, son immobilit\u00e9 et son malaise. Ce qu\u2019il dit fait \u00e9tat d\u2019un d\u00e9sarroi, une incapacit\u00e9 \u00e0 faire face \u00e0 une s\u00e9rie &hellip; <\/p>\n<p class=\"link-more\"><a href=\"https:\/\/thomasdepryck.be\/?page_id=142\" class=\"more-link\">Continuer la lecture<span class=\"screen-reader-text\"> de &laquo;&nbsp;j&rsquo;ai creus\u00e9 un fleuve et je me suis jet\u00e9 dedans &#8211; synopsis &#8211; cr\u00e9dits&nbsp;&raquo;<\/span><\/a><\/p>\n","protected":false},"author":1,"featured_media":0,"parent":0,"menu_order":0,"comment_status":"closed","ping_status":"closed","template":"","meta":[],"yoast_head":"<!-- This site is optimized with the Yoast SEO plugin v18.2 - https:\/\/yoast.com\/wordpress\/plugins\/seo\/ -->\n<title>j&#039;ai creus\u00e9 un fleuve et je me suis jet\u00e9 dedans - synopsis - cr\u00e9dits - thomas depryck<\/title>\n<meta name=\"robots\" content=\"index, follow, max-snippet:-1, max-image-preview:large, max-video-preview:-1\" \/>\n<link rel=\"canonical\" href=\"https:\/\/thomasdepryck.be\/?page_id=142\" \/>\n<meta property=\"og:locale\" content=\"fr_FR\" \/>\n<meta property=\"og:type\" content=\"article\" \/>\n<meta property=\"og:title\" content=\"j&#039;ai creus\u00e9 un fleuve et je me suis jet\u00e9 dedans - synopsis - cr\u00e9dits - thomas depryck\" \/>\n<meta property=\"og:description\" content=\"(Texte en cours d&rsquo;\u00e9criture) Le point de d\u00e9part est celui-ci\u00a0: un homme, un trentenaire, ou quarantenaire, est \u00e9tendu sur une route, il d\u00e9crit ce qu\u2019il voit, l\u2019horizon, les nuages, etc. ce qu\u2019il ressent, sa douleur, son immobilit\u00e9 et son malaise. Ce qu\u2019il dit fait \u00e9tat d\u2019un d\u00e9sarroi, une incapacit\u00e9 \u00e0 faire face \u00e0 une s\u00e9rie &hellip; Continuer la lecture de &laquo;&nbsp;j&rsquo;ai creus\u00e9 un fleuve et je me suis jet\u00e9 dedans &#8211; synopsis &#8211; cr\u00e9dits&nbsp;&raquo;\" \/>\n<meta property=\"og:url\" content=\"https:\/\/thomasdepryck.be\/?page_id=142\" \/>\n<meta property=\"og:site_name\" content=\"thomas depryck\" \/>\n<meta property=\"article:modified_time\" content=\"2017-10-10T12:55:26+00:00\" \/>\n<meta name=\"twitter:card\" content=\"summary\" \/>\n<meta name=\"twitter:label1\" content=\"Dur\u00e9e de lecture estim\u00e9e\" \/>\n\t<meta name=\"twitter:data1\" content=\"1 minute\" \/>\n<script type=\"application\/ld+json\" class=\"yoast-schema-graph\">{\"@context\":\"https:\/\/schema.org\",\"@graph\":[{\"@type\":\"WebSite\",\"@id\":\"https:\/\/thomasdepryck.be\/#website\",\"url\":\"https:\/\/thomasdepryck.be\/\",\"name\":\"thomas depryck\",\"description\":\"auteur &amp; dramaturge\",\"potentialAction\":[{\"@type\":\"SearchAction\",\"target\":{\"@type\":\"EntryPoint\",\"urlTemplate\":\"https:\/\/thomasdepryck.be\/?s={search_term_string}\"},\"query-input\":\"required name=search_term_string\"}],\"inLanguage\":\"fr-FR\"},{\"@type\":\"WebPage\",\"@id\":\"https:\/\/thomasdepryck.be\/?page_id=142#webpage\",\"url\":\"https:\/\/thomasdepryck.be\/?page_id=142\",\"name\":\"j'ai creus\u00e9 un fleuve et je me suis jet\u00e9 dedans - synopsis - cr\u00e9dits - thomas depryck\",\"isPartOf\":{\"@id\":\"https:\/\/thomasdepryck.be\/#website\"},\"datePublished\":\"2017-09-09T13:44:37+00:00\",\"dateModified\":\"2017-10-10T12:55:26+00:00\",\"breadcrumb\":{\"@id\":\"https:\/\/thomasdepryck.be\/?page_id=142#breadcrumb\"},\"inLanguage\":\"fr-FR\",\"potentialAction\":[{\"@type\":\"ReadAction\",\"target\":[\"https:\/\/thomasdepryck.be\/?page_id=142\"]}]},{\"@type\":\"BreadcrumbList\",\"@id\":\"https:\/\/thomasdepryck.be\/?page_id=142#breadcrumb\",\"itemListElement\":[{\"@type\":\"ListItem\",\"position\":1,\"name\":\"Accueil\",\"item\":\"https:\/\/thomasdepryck.be\/\"},{\"@type\":\"ListItem\",\"position\":2,\"name\":\"j&rsquo;ai creus\u00e9 un fleuve et je me suis jet\u00e9 dedans &#8211; synopsis &#8211; cr\u00e9dits\"}]}]}<\/script>\n<!-- \/ Yoast SEO plugin. -->","yoast_head_json":{"title":"j'ai creus\u00e9 un fleuve et je me suis jet\u00e9 dedans - synopsis - cr\u00e9dits - thomas depryck","robots":{"index":"index","follow":"follow","max-snippet":"max-snippet:-1","max-image-preview":"max-image-preview:large","max-video-preview":"max-video-preview:-1"},"canonical":"https:\/\/thomasdepryck.be\/?page_id=142","og_locale":"fr_FR","og_type":"article","og_title":"j'ai creus\u00e9 un fleuve et je me suis jet\u00e9 dedans - synopsis - cr\u00e9dits - thomas depryck","og_description":"(Texte en cours d&rsquo;\u00e9criture) Le point de d\u00e9part est celui-ci\u00a0: un homme, un trentenaire, ou quarantenaire, est \u00e9tendu sur une route, il d\u00e9crit ce qu\u2019il voit, l\u2019horizon, les nuages, etc. ce qu\u2019il ressent, sa douleur, son immobilit\u00e9 et son malaise. Ce qu\u2019il dit fait \u00e9tat d\u2019un d\u00e9sarroi, une incapacit\u00e9 \u00e0 faire face \u00e0 une s\u00e9rie &hellip; Continuer la lecture de &laquo;&nbsp;j&rsquo;ai creus\u00e9 un fleuve et je me suis jet\u00e9 dedans &#8211; synopsis &#8211; cr\u00e9dits&nbsp;&raquo;","og_url":"https:\/\/thomasdepryck.be\/?page_id=142","og_site_name":"thomas depryck","article_modified_time":"2017-10-10T12:55:26+00:00","twitter_card":"summary","twitter_misc":{"Dur\u00e9e de lecture estim\u00e9e":"1 minute"},"schema":{"@context":"https:\/\/schema.org","@graph":[{"@type":"WebSite","@id":"https:\/\/thomasdepryck.be\/#website","url":"https:\/\/thomasdepryck.be\/","name":"thomas depryck","description":"auteur &amp; dramaturge","potentialAction":[{"@type":"SearchAction","target":{"@type":"EntryPoint","urlTemplate":"https:\/\/thomasdepryck.be\/?s={search_term_string}"},"query-input":"required name=search_term_string"}],"inLanguage":"fr-FR"},{"@type":"WebPage","@id":"https:\/\/thomasdepryck.be\/?page_id=142#webpage","url":"https:\/\/thomasdepryck.be\/?page_id=142","name":"j'ai creus\u00e9 un fleuve et je me suis jet\u00e9 dedans - synopsis - cr\u00e9dits - thomas depryck","isPartOf":{"@id":"https:\/\/thomasdepryck.be\/#website"},"datePublished":"2017-09-09T13:44:37+00:00","dateModified":"2017-10-10T12:55:26+00:00","breadcrumb":{"@id":"https:\/\/thomasdepryck.be\/?page_id=142#breadcrumb"},"inLanguage":"fr-FR","potentialAction":[{"@type":"ReadAction","target":["https:\/\/thomasdepryck.be\/?page_id=142"]}]},{"@type":"BreadcrumbList","@id":"https:\/\/thomasdepryck.be\/?page_id=142#breadcrumb","itemListElement":[{"@type":"ListItem","position":1,"name":"Accueil","item":"https:\/\/thomasdepryck.be\/"},{"@type":"ListItem","position":2,"name":"j&rsquo;ai creus\u00e9 un fleuve et je me suis jet\u00e9 dedans &#8211; synopsis &#8211; cr\u00e9dits"}]}]}},"_links":{"self":[{"href":"https:\/\/thomasdepryck.be\/index.php?rest_route=\/wp\/v2\/pages\/142"}],"collection":[{"href":"https:\/\/thomasdepryck.be\/index.php?rest_route=\/wp\/v2\/pages"}],"about":[{"href":"https:\/\/thomasdepryck.be\/index.php?rest_route=\/wp\/v2\/types\/page"}],"author":[{"embeddable":true,"href":"https:\/\/thomasdepryck.be\/index.php?rest_route=\/wp\/v2\/users\/1"}],"replies":[{"embeddable":true,"href":"https:\/\/thomasdepryck.be\/index.php?rest_route=%2Fwp%2Fv2%2Fcomments&post=142"}],"version-history":[{"count":5,"href":"https:\/\/thomasdepryck.be\/index.php?rest_route=\/wp\/v2\/pages\/142\/revisions"}],"predecessor-version":[{"id":164,"href":"https:\/\/thomasdepryck.be\/index.php?rest_route=\/wp\/v2\/pages\/142\/revisions\/164"}],"wp:attachment":[{"href":"https:\/\/thomasdepryck.be\/index.php?rest_route=%2Fwp%2Fv2%2Fmedia&parent=142"}],"curies":[{"name":"wp","href":"https:\/\/api.w.org\/{rel}","templated":true}]}}