{"id":110,"date":"2017-09-09T14:19:21","date_gmt":"2017-09-09T12:19:21","guid":{"rendered":"http:\/\/thomasdepryck.be\/?page_id=110"},"modified":"2017-09-09T14:21:10","modified_gmt":"2017-09-09T12:21:10","slug":"ballade-en-mondes-mineurs-extrait","status":"publish","type":"page","link":"https:\/\/thomasdepryck.be\/?page_id=110","title":{"rendered":"ballade en mondes mineurs &#8211; extrait"},"content":{"rendered":"<p><strong>16 juin<\/strong><\/p>\n<p>Je me l\u00e8ve juste au moment o\u00f9,<br \/>\n\u00e0 l\u2019est de mon champ de vision,<br \/>\nl\u2019aube commence \u00e0 exhiber sa robe grise parsem\u00e9e de d\u00e9chi- rures orang\u00e9es.<br \/>\nL\u2019air est lourd,<br \/>\nempaquet\u00e9 dans un horizon frelat\u00e9.<br \/>\nJ\u2019ai une vague envie de vomir.<br \/>\nPas envie en revanche de me d\u00e9loger la t\u00eate de l\u2019oreiller qui l\u2019entoure.<br \/>\nJ\u2019ai le cr\u00e2ne rempli de billes de plomb<br \/>\nqui s\u2019entrechoquent<br \/>\nqui r\u00e9sonnent<br \/>\nme troublent la vue<br \/>\ns\u2019amusent \u00e0 me faire perdre l\u2019\u00e9quilibre.<br \/>\nMa vessie est probablement au bord de la rupture.<br \/>\nJe me dirige p\u00e9niblement vers les WC.<br \/>\nUn long jet de pisse \u00e9clate sur le bord de la cuvette,<br \/>\nse r\u00e9pand autant dans la chiotte que sur le carrelage.<br \/>\nRien \u00e0 foutre, je me dis, \u00e7a s\u00e9chera.<\/p>\n<p>Dans le salon, c\u2019est le carnage.<br \/>\nReliquats d\u00e9sastreux de ma solitude, de mes \u00e9checs r\u00e9p\u00e9t\u00e9s, des dizaines de canettes de bi\u00e8re encombrent ma table,<br \/>\net un reste de lasagne me fait des yeux doux.<br \/>\nJ\u2019en mange un morceau,<br \/>\nvide le fond d\u2019un verre dans lequel otte un m\u00e9got,<br \/>\net vais me pr\u00e9parer un caf\u00e9.<\/p>\n<p>J\u2019ai d\u00e9cid\u00e9 d\u2019y aller \u00e0 pied,<br \/>\nde poursuivre,<br \/>\nmalgr\u00e9 les d\u00e9sillusions successives,<br \/>\nde parcourir la ville de long en large sans rel\u00e2che.<br \/>\nJe veux y assister,<br \/>\nvoir \u00e7a de mes yeux,<br \/>\nm\u2019en rassasier.<br \/>\nL\u2019histoire d\u00e9montre que les matin\u00e9es sont propices.<br \/>\nNon seulement New York, Madrid, Londres, en sont les preu- ves les plus tangibles,<br \/>\nmais aussi Moscou, Oklahoma City, Virginia Tech, etc.<br \/>\nAlors pourquoi pas ici, dans cette foutue capitale de l\u2019Europe ?<\/p>\n<p>Il est \u00e0 peine 6h30, je suis dans le bon.<br \/>\nLes bouches de m\u00e9tros ont, dans un premier temps, ma pr\u00e9f\u00e9rence. Univers clos, dif cile \u00e0 \u00e9vacuer,<br \/>\nfavorisant la parano\u00efa.<br \/>\nMais rien de nouveau.<br \/>\nRien.<br \/>\nLes gens passent<br \/>\nindiff\u00e9rents,<br \/>\nles yeux x\u00e9s sur le trottoir<br \/>\ncomme s\u2019il y avait quelque chose \u00e0 y lire.<br \/>\nCr\u00e9tins.<\/p>\n<p>Je change mes plans et parcours les rues<br \/>\nau hasard,<br \/>\nau petit bonheur, au gr\u00e9 du vent.<\/p>\n<p>C\u2019est le plus souvent quand on ne s\u2019y attend pas,<br \/>\nau moment le plus improbable,<br \/>\nque surgit nalement ce qu\u2019on a pas pu avoir en cherchant, clame la sagesse populaire.<br \/>\nConneries !<br \/>\nJe reste aux aguets, je fais la vigie, je m\u2019aiguise les yeux, et je scrute, je scrute tout<br \/>\ndans les moindres d\u00e9tails.<\/p>\n<p>Ma gueule de bois semble s\u2019\u00eatre miraculeusement r\u00e9sorb\u00e9e, mais ce sont mes jambes qui maintenant sont prises d\u2019une d\u00e9- faillance inqui\u00e9tante.<br \/>\n\u00c7a part en couille.<\/p>\n<p>Je m\u2019imagine d\u00e9j\u00e0 chez un m\u00e9decin qui m\u2019annonce,<br \/>\nl\u2019air d\u00e9pit\u00e9,<br \/>\n\u2013 il va falloir amputer,<\/p>\n<p>mais vous savez,<br \/>\nil existe actuellement de tr\u00e8s bonnes proth\u00e8ses,<br \/>\npas trop ch\u00e8res et rembours\u00e9es \u2013<br \/>\nquand ma r\u00eaverie est interrompue par un bruit de pneu d\u00e9chi- rant le tarmac.<br \/>\nJe l\u00e8ve les yeux<br \/>\net je vois deux voitures se heurter,<br \/>\ncrouiaing brong schkling !<br \/>\nl\u2019une des deux d\u00e9rape l\u00e9g\u00e8rement,<br \/>\nmonte sur le trottoir,<br \/>\ntacle un gars qui passait par l\u00e0,<br \/>\npoc !<br \/>\npuis va s\u2019\u00e9craser contre un poteau de signalisation.<\/p>\n<p>Clang !<br \/>\nTableau :<br \/>\nun type \u00e0 terre qui ne bouge plus,<br \/>\nune dame d\u2019\u00e2ge moyen qui sort de sa voiture en pleurant,<br \/>\nen s\u2019excusant,<br \/>\net une autre voiture<br \/>\nqui man\u0153uvre pour foutre le camp.<\/p>\n<p><strong>Londres<\/strong><\/p>\n<p><em>La table qui nous s\u00e9pare est couverte de ronds de caf\u00e9 s\u00e9ch\u00e9. Un insecte s\u2019y prom\u00e8ne, butine \u00e7a et l\u00e0, se lisse les ailes, ne cesse de passer d\u2019un coin \u00e0 l\u2019autre, semble tr\u00e8s affair\u00e9. Je le regarde. Il me regarde. Il me plait. Je n\u2019en avais jamais vu un comme \u00e7a. Il s\u2019envole. Je m\u2019ennuie. Je sens que \u00e7a mal se passer. Je tourne la t\u00eate, reni e un coup. Sa gueule s\u2019allonge un peu, elle baille, elle commande un th\u00e9, puis se lance. On y est. Je reste impassible lorsqu\u2019elle m\u2019annonce qu\u2019elle est enceinte, mais pas de moi. \u00c7a ne te surprend pas ? Je n\u2019en sais rien. Je m\u2019en fous en fait, j\u2019en ai vraiment rien \u00e0 fou- tre. Mais \u00e7a ne se dit pas. Elle est dos \u00e0 la rue. Elle porte un chandail rouge. \u00c7a ne lui va pas. Derri\u00e8re elle, des gens passent, courent, se pr\u00e9cipitent vers une immense bouche de m\u00e9tro qui les avale inlassablement, \u00e0 la cha\u00eene, comme de vul- gaires cacahu\u00e8tes. Je lui dis qu\u2019elle peut venir chercher ses affaires quand elle veut, que g\u00e9n\u00e9ralement je ne suis pas l\u00e0 le samedi : je vais chez ma m\u00e8re. Comme d\u2019habitude me r\u00e9tor- que-t-elle d\u2019un air de reproche. Je t\u2019emmerde. Je t\u2019emmerde. Toi, ton futur m\u00f4me et son p\u00e8re. J\u2019ai envie de lui cracher \u00e0 la gure, mais comme toujours, je n\u2019y arrive pas. Je me retiens. Je bouffe ma haine. J\u2019ai l\u2019immense besoin de lui coller mon poing sur le coin de la gueule. Mais je ne fais rien. Je souris, dis : toujours prompte \u00e0 lancer une petite pique. C\u2019est pour te secouer. Te secouer r\u00e9p\u00e8te-t-elle. P\u00e9tasse. Je bois le fond de ma tasse, c\u2019est froid. Son th\u00e9 arrive seulement. Et merde. Je recommande un caf\u00e9. Je vais \u00eatre en retard \u00e0 cause de cette conne. De nouveau je pourrais soulever la table, la lui balan- cer au travers du bide et lui crier salope salope mais elle se l\u00e8ve me dit qu\u2019elle m\u2019appellera, qu\u2019elle est d\u00e9sol\u00e9e. Ses pas la m\u00e8nent tout droit vers l\u2019entr\u00e9e du m\u00e9tro qui l\u2019engouffre. Elle dispara\u00eet quand brusquement un bruit venu des entrailles de la ville se fait entendre. Le sol tremble, des vitres \u00e9clatent, je ne comprends pas tout de suite ce qui se passe : des gens, des centaines de personnes hurlent, sont projet\u00e9s dans les fa\u00e7ades des b\u00e2timents qui grincent, sont d\u00e9gurgit\u00e9s par la bouche, \u00e0 peine dig\u00e9r\u00e9s, les v\u00eatements en lambeaux, les chairs lac\u00e9r\u00e9es ; une fum\u00e9e et une poussi\u00e8re noires commencent \u00e0 s\u2019\u00e9chapper, une sir\u00e8ne se fait entendre d\u00e9chirant le silence des quelques cadavres qui tra\u00eenent tordus sur le trottoir. Le serveur tient mon caf\u00e9 dans la main. Il est compl\u00e8tement abruti par ce qu\u2019il voit. Je prends la tasse, il me regarde, je le regarde : quoi ? Je dis, et je bois le breuvage br\u00fblant d\u2019un trait, \u00e7a me traverse tout l\u2019\u0153sophage, comme une lame de rasoir. Je pose la tasse sur la table fouille dans ma poche en sort toute la monnaie la d\u00e9pose tranquillement et m\u2019en vais avec dans le c\u0153ur un sen- timent d\u2019apaisement. Ma ranc\u0153ur a disparu. Accroch\u00e9 \u00e0 une poubelle d\u00e9sarticul\u00e9e un bout de tricot rouge que je connais bien, sonne dans l\u2019air appesanti comme une lib\u00e9ration.<\/em><\/p>\n","protected":false},"excerpt":{"rendered":"<p>16 juin Je me l\u00e8ve juste au moment o\u00f9, \u00e0 l\u2019est de mon champ de vision, l\u2019aube commence \u00e0 exhiber sa robe grise parsem\u00e9e de d\u00e9chi- rures orang\u00e9es. L\u2019air est lourd, empaquet\u00e9 dans un horizon frelat\u00e9. J\u2019ai une vague envie de vomir. Pas envie en revanche de me d\u00e9loger la t\u00eate de l\u2019oreiller qui l\u2019entoure. &hellip; <\/p>\n<p class=\"link-more\"><a href=\"https:\/\/thomasdepryck.be\/?page_id=110\" class=\"more-link\">Continuer la lecture<span class=\"screen-reader-text\"> de &laquo;&nbsp;ballade en mondes mineurs &#8211; extrait&nbsp;&raquo;<\/span><\/a><\/p>\n","protected":false},"author":1,"featured_media":0,"parent":0,"menu_order":0,"comment_status":"closed","ping_status":"closed","template":"","meta":[],"yoast_head":"<!-- This site is optimized with the Yoast SEO plugin v18.2 - https:\/\/yoast.com\/wordpress\/plugins\/seo\/ -->\n<title>ballade en mondes mineurs - extrait - thomas depryck<\/title>\n<meta name=\"robots\" content=\"index, follow, max-snippet:-1, max-image-preview:large, max-video-preview:-1\" \/>\n<link rel=\"canonical\" href=\"https:\/\/thomasdepryck.be\/?page_id=110\" \/>\n<meta property=\"og:locale\" content=\"fr_FR\" \/>\n<meta property=\"og:type\" content=\"article\" \/>\n<meta property=\"og:title\" content=\"ballade en mondes mineurs - extrait - thomas depryck\" \/>\n<meta property=\"og:description\" content=\"16 juin Je me l\u00e8ve juste au moment o\u00f9, \u00e0 l\u2019est de mon champ de vision, l\u2019aube commence \u00e0 exhiber sa robe grise parsem\u00e9e de d\u00e9chi- rures orang\u00e9es. L\u2019air est lourd, empaquet\u00e9 dans un horizon frelat\u00e9. J\u2019ai une vague envie de vomir. Pas envie en revanche de me d\u00e9loger la t\u00eate de l\u2019oreiller qui l\u2019entoure. &hellip; Continuer la lecture de &laquo;&nbsp;ballade en mondes mineurs &#8211; extrait&nbsp;&raquo;\" \/>\n<meta property=\"og:url\" content=\"https:\/\/thomasdepryck.be\/?page_id=110\" \/>\n<meta property=\"og:site_name\" content=\"thomas depryck\" \/>\n<meta property=\"article:modified_time\" content=\"2017-09-09T12:21:10+00:00\" \/>\n<meta name=\"twitter:card\" content=\"summary\" \/>\n<meta name=\"twitter:label1\" content=\"Dur\u00e9e de lecture estim\u00e9e\" \/>\n\t<meta name=\"twitter:data1\" content=\"6 minutes\" \/>\n<script type=\"application\/ld+json\" class=\"yoast-schema-graph\">{\"@context\":\"https:\/\/schema.org\",\"@graph\":[{\"@type\":\"WebSite\",\"@id\":\"https:\/\/thomasdepryck.be\/#website\",\"url\":\"https:\/\/thomasdepryck.be\/\",\"name\":\"thomas depryck\",\"description\":\"auteur &amp; dramaturge\",\"potentialAction\":[{\"@type\":\"SearchAction\",\"target\":{\"@type\":\"EntryPoint\",\"urlTemplate\":\"https:\/\/thomasdepryck.be\/?s={search_term_string}\"},\"query-input\":\"required name=search_term_string\"}],\"inLanguage\":\"fr-FR\"},{\"@type\":\"WebPage\",\"@id\":\"https:\/\/thomasdepryck.be\/?page_id=110#webpage\",\"url\":\"https:\/\/thomasdepryck.be\/?page_id=110\",\"name\":\"ballade en mondes mineurs - extrait - thomas depryck\",\"isPartOf\":{\"@id\":\"https:\/\/thomasdepryck.be\/#website\"},\"datePublished\":\"2017-09-09T12:19:21+00:00\",\"dateModified\":\"2017-09-09T12:21:10+00:00\",\"breadcrumb\":{\"@id\":\"https:\/\/thomasdepryck.be\/?page_id=110#breadcrumb\"},\"inLanguage\":\"fr-FR\",\"potentialAction\":[{\"@type\":\"ReadAction\",\"target\":[\"https:\/\/thomasdepryck.be\/?page_id=110\"]}]},{\"@type\":\"BreadcrumbList\",\"@id\":\"https:\/\/thomasdepryck.be\/?page_id=110#breadcrumb\",\"itemListElement\":[{\"@type\":\"ListItem\",\"position\":1,\"name\":\"Accueil\",\"item\":\"https:\/\/thomasdepryck.be\/\"},{\"@type\":\"ListItem\",\"position\":2,\"name\":\"ballade en mondes mineurs &#8211; extrait\"}]}]}<\/script>\n<!-- \/ Yoast SEO plugin. -->","yoast_head_json":{"title":"ballade en mondes mineurs - extrait - thomas depryck","robots":{"index":"index","follow":"follow","max-snippet":"max-snippet:-1","max-image-preview":"max-image-preview:large","max-video-preview":"max-video-preview:-1"},"canonical":"https:\/\/thomasdepryck.be\/?page_id=110","og_locale":"fr_FR","og_type":"article","og_title":"ballade en mondes mineurs - extrait - thomas depryck","og_description":"16 juin Je me l\u00e8ve juste au moment o\u00f9, \u00e0 l\u2019est de mon champ de vision, l\u2019aube commence \u00e0 exhiber sa robe grise parsem\u00e9e de d\u00e9chi- rures orang\u00e9es. L\u2019air est lourd, empaquet\u00e9 dans un horizon frelat\u00e9. J\u2019ai une vague envie de vomir. Pas envie en revanche de me d\u00e9loger la t\u00eate de l\u2019oreiller qui l\u2019entoure. &hellip; Continuer la lecture de &laquo;&nbsp;ballade en mondes mineurs &#8211; extrait&nbsp;&raquo;","og_url":"https:\/\/thomasdepryck.be\/?page_id=110","og_site_name":"thomas depryck","article_modified_time":"2017-09-09T12:21:10+00:00","twitter_card":"summary","twitter_misc":{"Dur\u00e9e de lecture estim\u00e9e":"6 minutes"},"schema":{"@context":"https:\/\/schema.org","@graph":[{"@type":"WebSite","@id":"https:\/\/thomasdepryck.be\/#website","url":"https:\/\/thomasdepryck.be\/","name":"thomas depryck","description":"auteur &amp; dramaturge","potentialAction":[{"@type":"SearchAction","target":{"@type":"EntryPoint","urlTemplate":"https:\/\/thomasdepryck.be\/?s={search_term_string}"},"query-input":"required name=search_term_string"}],"inLanguage":"fr-FR"},{"@type":"WebPage","@id":"https:\/\/thomasdepryck.be\/?page_id=110#webpage","url":"https:\/\/thomasdepryck.be\/?page_id=110","name":"ballade en mondes mineurs - extrait - thomas depryck","isPartOf":{"@id":"https:\/\/thomasdepryck.be\/#website"},"datePublished":"2017-09-09T12:19:21+00:00","dateModified":"2017-09-09T12:21:10+00:00","breadcrumb":{"@id":"https:\/\/thomasdepryck.be\/?page_id=110#breadcrumb"},"inLanguage":"fr-FR","potentialAction":[{"@type":"ReadAction","target":["https:\/\/thomasdepryck.be\/?page_id=110"]}]},{"@type":"BreadcrumbList","@id":"https:\/\/thomasdepryck.be\/?page_id=110#breadcrumb","itemListElement":[{"@type":"ListItem","position":1,"name":"Accueil","item":"https:\/\/thomasdepryck.be\/"},{"@type":"ListItem","position":2,"name":"ballade en mondes mineurs &#8211; extrait"}]}]}},"_links":{"self":[{"href":"https:\/\/thomasdepryck.be\/index.php?rest_route=\/wp\/v2\/pages\/110"}],"collection":[{"href":"https:\/\/thomasdepryck.be\/index.php?rest_route=\/wp\/v2\/pages"}],"about":[{"href":"https:\/\/thomasdepryck.be\/index.php?rest_route=\/wp\/v2\/types\/page"}],"author":[{"embeddable":true,"href":"https:\/\/thomasdepryck.be\/index.php?rest_route=\/wp\/v2\/users\/1"}],"replies":[{"embeddable":true,"href":"https:\/\/thomasdepryck.be\/index.php?rest_route=%2Fwp%2Fv2%2Fcomments&post=110"}],"version-history":[{"count":3,"href":"https:\/\/thomasdepryck.be\/index.php?rest_route=\/wp\/v2\/pages\/110\/revisions"}],"predecessor-version":[{"id":113,"href":"https:\/\/thomasdepryck.be\/index.php?rest_route=\/wp\/v2\/pages\/110\/revisions\/113"}],"wp:attachment":[{"href":"https:\/\/thomasdepryck.be\/index.php?rest_route=%2Fwp%2Fv2%2Fmedia&parent=110"}],"curies":[{"name":"wp","href":"https:\/\/api.w.org\/{rel}","templated":true}]}}